{"version":"1.0","provider_name":"Magdi blogja a b\u00fatorokr\u00f3l","provider_url":"https:\/\/magdibutor.cafeblog.hu","author_name":"magdibutor","author_url":"https:\/\/magdibutor.cafeblog.hu\/author\/magdibutor\/","title":"Hogyan tiszt\u00edtsd \u00e9s \u00e1pold a b\u00fatorodat?","html":"<p>&nbsp;<\/p>\r\n<p>Ha meg\u00e1lmodtunk, megterveztett\u00fcnk, \u00e9s elk\u00e9sz\u00edttett\u00fcnk egy \u00e1lom berendez\u00e9st a lak\u00e1sunkba, term\u00e9szetes, hogy azt szeretn\u00e9nk, ha az sok\u00e1ig sz\u00e9p \u00e9s mutat\u00f3s maradna. Ez alapvet\u0151 elv\u00e1r\u00e1s, ez\u00e9rt az ig\u00e9nyesebb b\u00fatorgy\u00e1rt\u00f3k min\u0151s\u00e9gi alapanyaggal dolgoznak, hogy v\u00e9letlen\u00fcl se kezdje ki a b\u00fatorokat az id\u0151 vasfoga egyhamar. De a felhaszn\u00e1l\u00f3 is sokat tehet az\u00e9rt, hogy a b\u00fatorok sok\u00e1ig sz\u00e9pek maradjanak. Ehhez egy kis karbantart\u00e1sra van sz\u00fcks\u00e9g, ugyanis az \u00e9deskev\u00e9s, ha berakjuk \u0151ket a hely\u00fckre, azt\u00e1n haszn\u00e1ljuk. Nem \u00e1rt nekik egy kis plusz t\u00f6r\u0151d\u00e9s ahhoz, hogy sok\u00e1ig sz\u00e9pek maradjanak. Mindemellett j\u00f3, ha tiszt\u00e1ban vagyunk azzal, hogy egy\u00e1ltal\u00e1n nem mindegy, mivel tiszt\u00edtjuk, \u00e1poljuk a b\u00fatorokat. Vannak ugyanis tiszt\u00edt\u00f3szerek, amik t\u00f6bbet \u00e1rtanak, mint haszn\u00e1lnak. Vagy csak itt a hossz\u00fah\u00e9tv\u00e9ge j\u00f6nnek a vend\u00e9gek \u00e9rdemes a takar\u00edt\u00e1s el\u0151tt \u00e1tgondolni hogyan is csin\u00e1ljuk azt j\u00f3l.<\/p>\r\n<p>&nbsp;<\/p>\r\n<p><strong>Hogyan kell teh\u00e1t helyesen tiszt\u00edtani a b\u00fatort?<\/strong><\/p>\r\n<p>&nbsp;<\/p>\r\n<ul>\r\n<li>Min\u00e9l kevesebb vegyszerrel! Nagyon cs\u00e1b\u00edt\u00f3ak a boltokban kaphat\u00f3 ilyen-olyan, hiperszuper, fert\u0151tlen\u00edt\u0151, antibakteri\u00e1lis tiszt\u00edt\u00f3szerek, csak egy baj van vel\u00fck: nem annyira b\u00fatorbar\u00e1tok. Jobb esetben \u201ecsak\u201d a b\u00fator sz\u00edn\u00e9t szedi ki egy id\u0151 ut\u00e1n, rosszabb esetben t\u00f6nkreteszi a f\u00e1t \u00e9s a b\u00fatorlapot is. Legjobb, ha tiszta v\u00edzzel mossuk le id\u0151nk\u00e9nt a b\u00fatorainkat.<\/li>\r\n<\/ul>\r\n<p>&nbsp;<\/p>\r\n<ul>\r\n<li>L\u00e9teznek speci\u00e1lis b\u00fator\u00e1pol\u00f3 szerek. Ezeket alkalmazhatjuk, \u00e1rtani nem fognak, de t\u00e9ny, hogy nincs is felt\u00e9tlen\u00fcl sz\u00fcks\u00e9g r\u00e1juk. Legt\u00f6bbj\u00fck igen egyszer\u0171en m\u0171k\u00f6dik: r\u00e1f\u00fajjuk a b\u00fatorra, \u00e9s egy sz\u00e1raz ruh\u00e1val let\u00f6r\u00f6lj\u00fck. Fontos, hogy ne f\u00fajjuk agyon a b\u00fatort, kis mennyis\u00e9g is el\u00e9g, \u00e9s mindig figyelj\u00fcnk arra, hogy rendesen le legyen t\u00f6r\u00f6lve az anyag. Legjobb, ha nem is a b\u00fatorra, hanem a rongyra f\u00fajunk, ha ragaszkodunk ezekhez a spray-khez.<\/li>\r\n<\/ul>\r\n<p>&nbsp;<\/p>\r\n<ul>\r\n<li>Ha folt ker\u00fclt a b\u00fatorra, a legjobb, ha azzonal cseleksz\u00fcnk \u00e9s r\u00f6gt\u00f6n kezelj\u00fck a probl\u00e9m\u00e1t, amivel mindig pr\u00f3b\u00e1lkozhatunk, az a szappanos v\u00edz. Majd kenj\u00fck be olajjal vagy m\u00e9hviasszal. De k\u00e9rlek olvasd el az err\u0151l sz\u00f3l\u00f3 m\u00e1sik postom\u00a0nagytakaritas ne hagyd ki a szekrenyeke se.<\/li>\r\n<\/ul>\r\n<p>&nbsp;<\/p>\r\n<ul>\r\n<li>Ha a fa b\u00fatoron karcol\u00e1s keletkezik, a polit\u00far, illetve a m\u00e9hviasz jelent kiv\u00e1l\u00f3 megold\u00e1st. Hozz\u00e1adva egy kis terpentin, lenolaj \u00e9s hamu egyszer\u0171 kever\u00e9ke (a hamuzs\u00edr) t\u00f6k\u00e9letesen alkalmas fab\u00fatoraink kisebb karcol\u00e1sainak elt\u00fcntet\u00e9s\u00e9re. Alaposan t\u00f6r\u00f6ld \u00e1t vele a s\u00e9r\u00fclt r\u00e9szeket \u00e9s l\u00e1s csod\u00e1t. Amennyiben azonban b\u00fatorlap m\u00e9lyebben karcol\u00f3dik meg, szakember seg\u00edts\u00e9g\u00e9re lesz sz\u00fcks\u00e9g, ilyenkor j\u00f6nnek a p\u00e1c sz\u00ednazonos sz\u00edntetikus t\u00e9rkit\u00f6lt\u0151 anyagok, m\u0171f\u00e1k. De olvasd el az err\u0151l sz\u00f3l\u00f3 postom, mi\u00e9rt v\u00e1lassz\u00fcnk m\u00e9gis t\u00f6m\u00f6rfa b\u00fatorokat.<\/li>\r\n<\/ul>\r\n<p>K\u00f6sz\u00f6n\u00f6m, hogy elolvastad az eheti\u00a0cikkem\u00a0rem\u00e9lem feliratkozol a k\u00f6vet\u0151k k\u00f6z\u00e9 \u00e9s nem maradsz le a k\u00f6vetkez\u0151kr\u0151l sem. Vagy biztos ismersz valakit akinek ez hasznos tartalom! K\u00e9rlek juttasd el hozz\u00e1!<\/p>\r\n<p>Forr\u00e1s www.magdibutor.hu<\/p>\r\n<p>&nbsp;<\/p>\r\n<p>\u00a0<img class=\"imgnotext open-in-modal\" src=\"https:\/\/magdibutor.cafeblog.hu\/files\/2017\/07\/messenger_code_334261206606378-1.jpg\" alt=\"messenger_code_334261206606378-1.jpg\" width=\"295\" height=\"295\" \/><\/p>\r\n<p>Magdi a be\u00e9p\u00edthet\u0151 b\u00fatorok szak\u00e9rt\u0151je ha szakmai tan\u00e1csra van sz\u00fcks\u00e9ged keress meg b\u00e1tran egyeztess\u00fcnk egy id\u0151pontot: <a href=\"http:\/\/m.me\/magdibutor\" target=\"_blank\" rel=\"noopener noreferrer\">m.me\/magdibutor\u00a0<\/a><\/p>\r\n<p><br \/><img class=\"imgnotext\" src=\"https:\/\/magdibutor.cafeblog.hu\/files\/2017\/07\/tetszett_a_cikk_1.jpg\" alt=\"tetszett_a_cikk_1.jpg\" \/><\/p>\r\n<p>&nbsp;<\/p>","type":"rich"}